{"id":10569,"date":"2024-01-23T16:28:21","date_gmt":"2024-01-23T16:28:21","guid":{"rendered":"http:\/\/imsatextil.com\/colecciones\/colecciones-coleccion-p-v-25\/"},"modified":"2024-01-30T13:37:53","modified_gmt":"2024-01-30T13:37:53","slug":"colecciones-coleccion-p-v-25","status":"publish","type":"page","link":"https:\/\/imsatextil.com\/ca\/colecciones\/colecciones-coleccion-p-v-25\/","title":{"rendered":"Col\u00b7lecci\u00f3 P\/E 25"},"content":{"rendered":"<div  id='first-row'  class=\"vc_row wpb_row vc_row-fluid full-width-content \">\n\t<div class=\"vc_span12 wpb_column vc_column_container \"><div class=\"vc_column-inner \">\n\t\t<div class=\"wpb_wrapper\">\n\t\t\t\r\n\t<div class=\"wpb_single_image wpb_content_element vc_align_center\">\r\n\t\t<div class=\"wpb_wrapper\">\r\n\t\t\t\r\n\t\t\t<div class=\"vc_single_image-wrapper   vc_box_border_grey\"><img loading=\"lazy\" decoding=\"async\" width=\"1920\" height=\"257\" src=\"https:\/\/imsatextil.com\/wp-content\/uploads\/2024\/01\/header_primavera_verano2025.jpg\" class=\"vc_single_image-img attachment-full\" alt=\"\" srcset=\"https:\/\/imsatextil.com\/wp-content\/uploads\/2024\/01\/header_primavera_verano2025.jpg 1920w, https:\/\/imsatextil.com\/wp-content\/uploads\/2024\/01\/header_primavera_verano2025-300x40.jpg 300w, https:\/\/imsatextil.com\/wp-content\/uploads\/2024\/01\/header_primavera_verano2025-768x103.jpg 768w, https:\/\/imsatextil.com\/wp-content\/uploads\/2024\/01\/header_primavera_verano2025-1024x137.jpg 1024w\" sizes=\"auto, (max-width: 1920px) 100vw, 1920px\" \/><\/div>\r\n\t\t<\/div>\r\n\t<\/div>\r\n\n\t\t<\/div> <\/div>\n\t<\/div> \n<\/div><div   class=\"vc_row wpb_row vc_row-fluid  \">\n\t<div class=\"vc_span12 wpb_column vc_column_container \"><div class=\"vc_column-inner \">\n\t\t<div class=\"wpb_wrapper\">\n\t\t\t<h2 style=\"text-align: left\" class=\"vc_custom_heading\" >COL\u00b7LECCI\u00d3 PRIMAVERA ESTIU '25<\/h2>\r\n\t<div class=\"wpb_single_image wpb_content_element vc_align_left\">\r\n\t\t<div class=\"wpb_wrapper\">\r\n\t\t\t\r\n\t\t\t<div class=\"vc_single_image-wrapper   vc_box_border_grey\"><img loading=\"lazy\" decoding=\"async\" width=\"181\" height=\"7\" src=\"https:\/\/imsatextil.com\/wp-content\/uploads\/2017\/11\/separator_black.png\" class=\"vc_single_image-img attachment-full\" alt=\"\" \/><\/div>\r\n\t\t<\/div>\r\n\t<\/div>\r\n<div class=\"vc_row wpb_row vc_inner vc_row-fluid\"><div class=\"wpb_column vc_column_container vc_span6\"><div class=\"vc_column-inner  \"><div class=\"wpb_wrapper\">\n\t<div class=\"wpb_text_column wpb_content_element  \" >\n\t\t<div class=\"wpb_wrapper\" id=\"ct_4qjgnwelt8sh8z06xkrm\">\n\t\t\t<p style=\"font-weight: 400;\">Embarca&#8217;t en un viatge per l&#8217;ess\u00e8ncia de l&#8217;estiu amb la nostra darrera col\u00b7lecci\u00f3 de teixits. A mesura que es desenvolupa la temporada de sol, la nostra selecci\u00f3 meticulosament curada encarna l&#8217;esperit d&#8217;eleg\u00e0ncia sense esfor\u00e7 i comoditat fresca. Des de llen\u00e7ols lleugers fins a cotons vibrants, cada teixit \u00e9s un testimoni tant d&#8217;estil com de comoditat, dissenyat per accentuar els vostres moments d&#8217;estiu.<\/p>\n<p style=\"font-weight: 400;\">Tant si us imagineu festes elegants a la platja, festes al jard\u00ed il\u00b7luminades pel sol o simplement busqueu comoditat sota el cel d&#8217;estiu, la nostra col\u00b7lecci\u00f3 ofereix una gran varietat de t\u00e8xtils meticulosament elaborats per elevar cada ocasi\u00f3. Abra\u00e7a la calor de la temporada amb els nostres teixits lleugers i transpirables que combinen sense esfor\u00e7 la moda amb la funcionalitat.<\/p>\n<p style=\"font-weight: 400;\">Amb un comprom\u00eds amb la sostenibilitat, la nostra col\u00b7lecci\u00f3 mostra amb orgull materials ecol\u00f2gics i t\u00e8xtils d&#8217;origen local, fomentant un enfocament conscient de la moda. Submergeix-te al nostre assortiment i deixa anar la teva creativitat, imaginant els teus propis dissenys d&#8217;estiu \u00fanics. Deixa volar la teva imaginaci\u00f3 i celebra l&#8217;alliberament de l&#8217;estil amb la nostra col\u00b7lecci\u00f3 de teixits d&#8217;estiu.<\/p>\n<p style=\"font-weight: 400;\"><strong>Estil alegre<\/strong><\/p>\n<p style=\"font-weight: 400;\">Descobreix l&#8217;ess\u00e8ncia de l&#8217;alegria amb la nostra col\u00b7lecci\u00f3 Primavera\/Estiu 2025!<\/p>\n<p style=\"font-weight: 400;\">Amb un calidoscopi de colors, quadres l\u00fadics, ratlles elegants i estampats brodats dol\u00e7os, els nostres dissenys estan dissenyats per crear aspectes divertits i fabulosos per a nens, preadolescents i nadons. Deixa que els m\u00e9s petits expressin la seva personalitat \u00fanica amb la nostra deliciosa gamma de teixits que promet afegir un toc d&#8217;encant i singularitat als seus armaris.<\/p>\n<p style=\"font-weight: 400;\"><strong>Esperit mariner<\/strong><\/p>\n<p style=\"font-weight: 400;\">Entra al m\u00f3n encantador de &#8220;Sailor Spirit&#8221; amb la nostra exquisida col\u00b7lecci\u00f3 de teixits! Submergeix-te en l&#8217;atractiu atemporal de les tend\u00e8ncies cl\u00e0ssiques d&#8217;estiu mentre presentem els teixits ideals per dissenyar una col\u00b7lecci\u00f3 novedosa. Abra\u00e7a l&#8217;ess\u00e8ncia captivadora del mar i l&#8217;est\u00e8tica marinera amb estil amb els nostres teixits exclusius que et permeten dissenyar, combinant tradici\u00f3 amb un toc contemporani.<\/p>\n<p style=\"font-weight: 400;\"><strong>Artesania Floral<\/strong><\/p>\n<p style=\"font-weight: 400;\">Viatge al m\u00f3n commovedor de la nostra col\u00b7lecci\u00f3 de teixits &#8220;Floral Craft&#8221;!<\/p>\n<p style=\"font-weight: 400;\">Els nostres teixits s\u00f3n un homenatge amor\u00f3s a l&#8217;estimada m\u00e0 d&#8217;obra dels artesans i a l&#8217;encant que recorda els tresors fets a m\u00e0 de les nostres \u00e0vies, dissenyats amb cura per encapsular l&#8217;ess\u00e8ncia de l&#8217;artesania tradicional. Amb aquesta col\u00b7lecci\u00f3, estem invocant l&#8217;esperit dels temps passats, afegint detalls contemporanis que aporten un toc d&#8217;eleg\u00e0ncia vintage als vostres dissenys moderns.<\/p>\n<p style=\"font-weight: 400;\"><strong>Tons pop\u00a0<\/strong><\/p>\n<p style=\"font-weight: 400;\">Submergeix-te en el m\u00f3n electritzant de la nostra col\u00b7lecci\u00f3 de teixits &#8220;Pop Tones&#8221;, on els tons vibrants, els pop atrevits, els accents de ne\u00f3 i les ratlles din\u00e0miques s&#8217;uneixen per crear una col\u00b7lecci\u00f3 que demana atenci\u00f3. Els nostres teixits estan dissenyats per inspirar la creaci\u00f3 de vestits i tops espectaculars que desprenen una sensaci\u00f3 d&#8217;individualitat atrevida. Abra\u00e7a la vivacitat de les barreges de colors i estampats, permetent-te gaudir de l&#8217;energia brillant de l&#8217;estiu.<\/p>\n\n\t\t<\/div> \n\t<\/div> <\/div><\/div><\/div><div class=\"wpb_column vc_column_container vc_span6\"><div class=\"vc_column-inner  \"><div class=\"wpb_wrapper\">\n\t<div class=\"wpb_text_column wpb_content_element  \" >\n\t\t<div class=\"wpb_wrapper\" id=\"ct_16mh8r3n4as0t6oku9ar\">\n\t\t\t<p style=\"font-weight: 400;\"><strong>Terrosa\u00a0<\/strong><\/p>\n<p style=\"font-weight: 400;\">Torna a connectar amb les arrels de la natura a la nostra col\u00b7lecci\u00f3 de teixits &#8220;Earthy&#8221;, on tornem a l&#8217;ess\u00e8ncia de la terra, el sol i els tons terrosos. Submergeix-te en teixits de ratlles d&#8217;inspiraci\u00f3 del desert i brodats de cot\u00f3 natural que et conviden a crear un vestuari impressionant on la simplicitat es troba amb la sofisticaci\u00f3, i cada pe\u00e7a explica una hist\u00f2ria del nostre vincle perdurable amb la terra.\u00a0 \u00a0Broderie\u00a0 Gaudeix de l&#8217;art de la nostra col\u00b7lecci\u00f3 de teixits &#8220;Broderie&#8221;, on el toc delicat del brodat transforma els teixits en tresors d&#8217;estiu. Exploreu una simfonia de dissenys geom\u00e8trics i estampats florals en teixits que us permeten crear elements essencials d&#8217;estiu valuosos i atemporals. Descobriu bells teixits basats en cot\u00f3 amb fils complexos que afegiran profunditat i sofisticaci\u00f3 als vostres dissenys.<\/p>\n<p style=\"font-weight: 400;\"><strong>Festa al jard\u00ed<\/strong><\/p>\n<p style=\"font-weight: 400;\">Benvingut al m\u00f3n encantador de la nostra col\u00b7lecci\u00f3 de teixits &#8220;Garden Party&#8221;, on una varietat de flors floreixen amb diferents t\u00e8cniques, com ara cordons, textures 3D i guipures. Cada teixit est\u00e0 dissenyat per celebrar la bellesa atemporal de la natura i infundir luxe a les vostres celebracions. La paleta de colors de la festa al jard\u00ed aporta un toc d&#8217;esplendor i opul\u00e8ncia naturals i fa que els teus estils floreixin amb un encant lux\u00f3s.<\/p>\n<p style=\"font-weight: 400;\"><strong>Or pur<\/strong><\/p>\n<p style=\"font-weight: 400;\">Us presentem la nostra col\u00b7lecci\u00f3 &#8220;Pure Gold&#8221;, on els teixits met\u00e0l\u00b7lics prenen el protagonisme, proporcionant els elements perfectes per convertir-vos en l&#8217;estrella brillant de qualsevol ocasi\u00f3. Submergeix-te en l&#8217;opul\u00e8ncia de diferents tons i textures daurades, com ara jacquards, lluentons, xarxes, plecs i cordons que transformaran les teves creacions en obres mestres radiants.<\/p>\n<p style=\"font-weight: 400;\"><strong>Vivo<\/strong><\/p>\n<p style=\"font-weight: 400;\">Benvingut a la nostra col\u00b7lecci\u00f3 de teixits &#8220;Vivid&#8221;, on els dissenys exclusius cobren vida en una paleta de tons verds i magenta vibrants.\u00a0Submergeix-te en un m\u00f3n de creativitat amb teixits amb textura, jacquards complexos, brodats exquisits i estampats animats que celebren l&#8217;ess\u00e8ncia dels colors vius. Els verds i els magentas prenen el focus, convertint-se en les tonalitats essencials d&#8217;aquesta col\u00b7lecci\u00f3, assegurant que cada pe\u00e7a irradia energia i vida. Tant si busqueu patrons atrevits com textures subtils, &#8220;Vivid&#8221; ofereix una \u00e0mplia gamma d&#8217;opcions fent de cada teixit un llen\u00e7 per a la vostra imaginaci\u00f3 vibrant.<\/p>\n<p style=\"font-weight: 400;\"><strong>Festa del color<\/strong><\/p>\n<p style=\"font-weight: 400;\">Benvinguts a la col\u00b7lecci\u00f3 de teixits &#8220;Color Party&#8221;, on la celebraci\u00f3 pren el protagonisme! Dona una energia vibrant a les teves festes utilitzant els nostres teixits exclusius dissenyats per elevar cada moment. Descobriu teles de luxe adornades amb detalls brillants en una gamma enlluernadora de tons vius, convertint les vostres celebracions en un mot\u00ed de color i glamur. Deixa volar la teva creativitat mentre explores aquesta paleta de colors, assegurant que les teves creacions es converteixin en la vida de la festa.<\/p>\n\n\t\t<\/div> \n\t<\/div> <\/div><\/div><\/div><\/div><style type=\"text\/css\" >#ic_fozifwi7jb6ufp64h2xb {margin:0px auto 0px; }#ic_fozifwi7jb6ufp64h2xb .owl-prev,#ic_fozifwi7jb6ufp64h2xb .owl-next{border-color:#ecf0f1; background:#ffffff; color:#4a4f55; }#ic_fozifwi7jb6ufp64h2xb .owl-prev:hover,#ic_fozifwi7jb6ufp64h2xb .owl-next:hover{background:#f9fafb; color:#000000; }#ic_fozifwi7jb6ufp64h2xb .owl-prev:before,#ic_fozifwi7jb6ufp64h2xb .owl-next:after{border-color:#4a4f55; }#ic_fozifwi7jb6ufp64h2xb .owl-prev:hover::before,#ic_fozifwi7jb6ufp64h2xb .owl-next:hover::after{border-color:#000000; }#ic_fozifwi7jb6ufp64h2xb .owl-dot{ background:#ffffff; border-color:#ecf0f1; }#ic_fozifwi7jb6ufp64h2xb .owl-dot.active{ background:#000000; border-color:#ecf0f1;}<\/style><script type=\"text\/javascript\" charset=\"utf-8\">\r\n\r\n\t\tjQuery.noConflict();\r\n\t\/\/setup up Carousel\r\n\t\tjQuery(document).ready(function($) {\r\n\t\"use strict\";\r\n\t$(window).load(function(){\r\n\t\t$(\"#ic_fozifwi7jb6ufp64h2xb\").owlCarousel({\r\n\t\t\trtl: $(\"body\").hasClass(\"rtl\") ? true : false,\r\n\t\t\tresponsiveClass:true,\r\n\t\t\tcenter:true,\r\n\t\t\tloop:true,\r\n\t\t\tresponsive:{\r\n\t\t\t\t0:{\r\n\t\t\t\t\titems:1,\r\n\t\t\t    },\r\n\t\t\t    780:{\r\n\t\t\t        items:2,\r\n\t\t\t\t},\r\n\t\t\t\t1000:{\r\n\t\t\t\t    items:2,\r\n\t\t\t\t},\r\n\t\t\t},\r\n            scroll: 1,\r\n\t\t\tautoplay:false,\r\n\t   \t \t dots:false,\r\n\t\t\t nav:true,\r\n\t\r\n\t\t});\r\n\t});\r\n});\r\n\r\n<\/script><div class=\"tt_testimonials_ctn rd_ic_center  hover_nav_style \" id=\"ic_fozifwi7jb6ufp64h2xb\" style=\"margin-top:0px; margin-bottom:0px;\"><a href=\"https:\/\/imsatextil.com\/wp-content\/uploads\/2024\/01\/Imsa-10-1024x724.jpg\"  rel=\"prettyPhoto[rel-fozifwi7jb6ufp64h2xb]\" ><img loading=\"lazy\" decoding=\"async\" width=\"2481\" height=\"1754\" src=\"https:\/\/imsatextil.com\/wp-content\/uploads\/2024\/01\/Imsa-10.jpg\" class=\"attachment-full\" alt=\"\" srcset=\"https:\/\/imsatextil.com\/wp-content\/uploads\/2024\/01\/Imsa-10.jpg 2481w, https:\/\/imsatextil.com\/wp-content\/uploads\/2024\/01\/Imsa-10-300x212.jpg 300w, https:\/\/imsatextil.com\/wp-content\/uploads\/2024\/01\/Imsa-10-768x543.jpg 768w, https:\/\/imsatextil.com\/wp-content\/uploads\/2024\/01\/Imsa-10-1024x724.jpg 1024w, https:\/\/imsatextil.com\/wp-content\/uploads\/2024\/01\/Imsa-10-1536x1086.jpg 1536w, https:\/\/imsatextil.com\/wp-content\/uploads\/2024\/01\/Imsa-10-2048x1448.jpg 2048w\" sizes=\"auto, (max-width: 2481px) 100vw, 2481px\" \/><\/a><a href=\"https:\/\/imsatextil.com\/wp-content\/uploads\/2024\/01\/Imsa-09-1024x724.jpg\"  rel=\"prettyPhoto[rel-fozifwi7jb6ufp64h2xb]\" ><img loading=\"lazy\" decoding=\"async\" width=\"2481\" height=\"1754\" src=\"https:\/\/imsatextil.com\/wp-content\/uploads\/2024\/01\/Imsa-09.jpg\" class=\"attachment-full\" alt=\"\" srcset=\"https:\/\/imsatextil.com\/wp-content\/uploads\/2024\/01\/Imsa-09.jpg 2481w, https:\/\/imsatextil.com\/wp-content\/uploads\/2024\/01\/Imsa-09-300x212.jpg 300w, https:\/\/imsatextil.com\/wp-content\/uploads\/2024\/01\/Imsa-09-768x543.jpg 768w, https:\/\/imsatextil.com\/wp-content\/uploads\/2024\/01\/Imsa-09-1024x724.jpg 1024w, https:\/\/imsatextil.com\/wp-content\/uploads\/2024\/01\/Imsa-09-1536x1086.jpg 1536w, https:\/\/imsatextil.com\/wp-content\/uploads\/2024\/01\/Imsa-09-2048x1448.jpg 2048w\" sizes=\"auto, (max-width: 2481px) 100vw, 2481px\" \/><\/a><a href=\"https:\/\/imsatextil.com\/wp-content\/uploads\/2024\/01\/Imsa-08-1024x724.jpg\"  rel=\"prettyPhoto[rel-fozifwi7jb6ufp64h2xb]\" ><img loading=\"lazy\" decoding=\"async\" width=\"2481\" height=\"1754\" src=\"https:\/\/imsatextil.com\/wp-content\/uploads\/2024\/01\/Imsa-08.jpg\" class=\"attachment-full\" alt=\"\" srcset=\"https:\/\/imsatextil.com\/wp-content\/uploads\/2024\/01\/Imsa-08.jpg 2481w, https:\/\/imsatextil.com\/wp-content\/uploads\/2024\/01\/Imsa-08-300x212.jpg 300w, https:\/\/imsatextil.com\/wp-content\/uploads\/2024\/01\/Imsa-08-768x543.jpg 768w, https:\/\/imsatextil.com\/wp-content\/uploads\/2024\/01\/Imsa-08-1024x724.jpg 1024w, https:\/\/imsatextil.com\/wp-content\/uploads\/2024\/01\/Imsa-08-1536x1086.jpg 1536w, https:\/\/imsatextil.com\/wp-content\/uploads\/2024\/01\/Imsa-08-2048x1448.jpg 2048w\" sizes=\"auto, (max-width: 2481px) 100vw, 2481px\" \/><\/a><a href=\"https:\/\/imsatextil.com\/wp-content\/uploads\/2024\/01\/Imsa-07-1024x724.jpg\"  rel=\"prettyPhoto[rel-fozifwi7jb6ufp64h2xb]\" ><img loading=\"lazy\" decoding=\"async\" width=\"2481\" height=\"1754\" src=\"https:\/\/imsatextil.com\/wp-content\/uploads\/2024\/01\/Imsa-07.jpg\" class=\"attachment-full\" alt=\"\" srcset=\"https:\/\/imsatextil.com\/wp-content\/uploads\/2024\/01\/Imsa-07.jpg 2481w, https:\/\/imsatextil.com\/wp-content\/uploads\/2024\/01\/Imsa-07-300x212.jpg 300w, https:\/\/imsatextil.com\/wp-content\/uploads\/2024\/01\/Imsa-07-768x543.jpg 768w, https:\/\/imsatextil.com\/wp-content\/uploads\/2024\/01\/Imsa-07-1024x724.jpg 1024w, https:\/\/imsatextil.com\/wp-content\/uploads\/2024\/01\/Imsa-07-1536x1086.jpg 1536w, https:\/\/imsatextil.com\/wp-content\/uploads\/2024\/01\/Imsa-07-2048x1448.jpg 2048w\" sizes=\"auto, (max-width: 2481px) 100vw, 2481px\" \/><\/a><a href=\"https:\/\/imsatextil.com\/wp-content\/uploads\/2024\/01\/Imsa-06-1024x724.jpg\"  rel=\"prettyPhoto[rel-fozifwi7jb6ufp64h2xb]\" ><img loading=\"lazy\" decoding=\"async\" width=\"2482\" height=\"1755\" src=\"https:\/\/imsatextil.com\/wp-content\/uploads\/2024\/01\/Imsa-06.jpg\" class=\"attachment-full\" alt=\"\" srcset=\"https:\/\/imsatextil.com\/wp-content\/uploads\/2024\/01\/Imsa-06.jpg 2482w, https:\/\/imsatextil.com\/wp-content\/uploads\/2024\/01\/Imsa-06-300x212.jpg 300w, https:\/\/imsatextil.com\/wp-content\/uploads\/2024\/01\/Imsa-06-768x543.jpg 768w, https:\/\/imsatextil.com\/wp-content\/uploads\/2024\/01\/Imsa-06-1024x724.jpg 1024w, https:\/\/imsatextil.com\/wp-content\/uploads\/2024\/01\/Imsa-06-1536x1086.jpg 1536w, https:\/\/imsatextil.com\/wp-content\/uploads\/2024\/01\/Imsa-06-2048x1448.jpg 2048w\" sizes=\"auto, (max-width: 2482px) 100vw, 2482px\" \/><\/a><a href=\"https:\/\/imsatextil.com\/wp-content\/uploads\/2024\/01\/Imsa-05-1024x724.jpg\"  rel=\"prettyPhoto[rel-fozifwi7jb6ufp64h2xb]\" ><img loading=\"lazy\" decoding=\"async\" width=\"2482\" height=\"1755\" src=\"https:\/\/imsatextil.com\/wp-content\/uploads\/2024\/01\/Imsa-05.jpg\" class=\"attachment-full\" alt=\"\" srcset=\"https:\/\/imsatextil.com\/wp-content\/uploads\/2024\/01\/Imsa-05.jpg 2482w, https:\/\/imsatextil.com\/wp-content\/uploads\/2024\/01\/Imsa-05-300x212.jpg 300w, https:\/\/imsatextil.com\/wp-content\/uploads\/2024\/01\/Imsa-05-768x543.jpg 768w, https:\/\/imsatextil.com\/wp-content\/uploads\/2024\/01\/Imsa-05-1024x724.jpg 1024w, https:\/\/imsatextil.com\/wp-content\/uploads\/2024\/01\/Imsa-05-1536x1086.jpg 1536w, https:\/\/imsatextil.com\/wp-content\/uploads\/2024\/01\/Imsa-05-2048x1448.jpg 2048w\" sizes=\"auto, (max-width: 2482px) 100vw, 2482px\" \/><\/a><a href=\"https:\/\/imsatextil.com\/wp-content\/uploads\/2024\/01\/Imsa-04-1024x724.jpg\"  rel=\"prettyPhoto[rel-fozifwi7jb6ufp64h2xb]\" ><img loading=\"lazy\" decoding=\"async\" width=\"2482\" height=\"1755\" src=\"https:\/\/imsatextil.com\/wp-content\/uploads\/2024\/01\/Imsa-04.jpg\" class=\"attachment-full\" alt=\"\" srcset=\"https:\/\/imsatextil.com\/wp-content\/uploads\/2024\/01\/Imsa-04.jpg 2482w, https:\/\/imsatextil.com\/wp-content\/uploads\/2024\/01\/Imsa-04-300x212.jpg 300w, https:\/\/imsatextil.com\/wp-content\/uploads\/2024\/01\/Imsa-04-768x543.jpg 768w, https:\/\/imsatextil.com\/wp-content\/uploads\/2024\/01\/Imsa-04-1024x724.jpg 1024w, https:\/\/imsatextil.com\/wp-content\/uploads\/2024\/01\/Imsa-04-1536x1086.jpg 1536w, https:\/\/imsatextil.com\/wp-content\/uploads\/2024\/01\/Imsa-04-2048x1448.jpg 2048w\" sizes=\"auto, (max-width: 2482px) 100vw, 2482px\" \/><\/a><a href=\"https:\/\/imsatextil.com\/wp-content\/uploads\/2024\/01\/Imsa-03-1024x724.jpg\"  rel=\"prettyPhoto[rel-fozifwi7jb6ufp64h2xb]\" ><img loading=\"lazy\" decoding=\"async\" width=\"2482\" height=\"1755\" src=\"https:\/\/imsatextil.com\/wp-content\/uploads\/2024\/01\/Imsa-03.jpg\" class=\"attachment-full\" alt=\"\" srcset=\"https:\/\/imsatextil.com\/wp-content\/uploads\/2024\/01\/Imsa-03.jpg 2482w, https:\/\/imsatextil.com\/wp-content\/uploads\/2024\/01\/Imsa-03-300x212.jpg 300w, https:\/\/imsatextil.com\/wp-content\/uploads\/2024\/01\/Imsa-03-768x543.jpg 768w, https:\/\/imsatextil.com\/wp-content\/uploads\/2024\/01\/Imsa-03-1024x724.jpg 1024w, https:\/\/imsatextil.com\/wp-content\/uploads\/2024\/01\/Imsa-03-1536x1086.jpg 1536w\" sizes=\"auto, (max-width: 2482px) 100vw, 2482px\" \/><\/a><a href=\"https:\/\/imsatextil.com\/wp-content\/uploads\/2024\/01\/Imsa-02-1024x724.jpg\"  rel=\"prettyPhoto[rel-fozifwi7jb6ufp64h2xb]\" ><img loading=\"lazy\" decoding=\"async\" width=\"2482\" height=\"1755\" src=\"https:\/\/imsatextil.com\/wp-content\/uploads\/2024\/01\/Imsa-02.jpg\" class=\"attachment-full\" alt=\"\" srcset=\"https:\/\/imsatextil.com\/wp-content\/uploads\/2024\/01\/Imsa-02.jpg 2482w, https:\/\/imsatextil.com\/wp-content\/uploads\/2024\/01\/Imsa-02-300x212.jpg 300w, https:\/\/imsatextil.com\/wp-content\/uploads\/2024\/01\/Imsa-02-768x543.jpg 768w, https:\/\/imsatextil.com\/wp-content\/uploads\/2024\/01\/Imsa-02-1024x724.jpg 1024w\" sizes=\"auto, (max-width: 2482px) 100vw, 2482px\" \/><\/a><a href=\"https:\/\/imsatextil.com\/wp-content\/uploads\/2024\/01\/Imsa-01-1024x724.jpg\"  rel=\"prettyPhoto[rel-fozifwi7jb6ufp64h2xb]\" ><img loading=\"lazy\" decoding=\"async\" width=\"2482\" height=\"1755\" src=\"https:\/\/imsatextil.com\/wp-content\/uploads\/2024\/01\/Imsa-01.jpg\" class=\"attachment-full\" alt=\"\" srcset=\"https:\/\/imsatextil.com\/wp-content\/uploads\/2024\/01\/Imsa-01.jpg 2482w, https:\/\/imsatextil.com\/wp-content\/uploads\/2024\/01\/Imsa-01-300x212.jpg 300w, https:\/\/imsatextil.com\/wp-content\/uploads\/2024\/01\/Imsa-01-768x543.jpg 768w, https:\/\/imsatextil.com\/wp-content\/uploads\/2024\/01\/Imsa-01-1024x724.jpg 1024w\" sizes=\"auto, (max-width: 2482px) 100vw, 2482px\" \/><\/a><\/div>\n\t\t<\/div> <\/div>\n\t<\/div> \n<\/div>\n","protected":false},"excerpt":{"rendered":"<p>COL\u00b7LECCI\u00d3 PRIMAVERA ESTIU &#8217;25 Embarca&#8217;t en un viatge per l&#8217;ess\u00e8ncia de l&#8217;estiu amb la nostra darrera col\u00b7lecci\u00f3 de teixits. A mesura que es desenvolupa la temporada de sol, la nostra selecci\u00f3 meticulosament curada encarna l&#8217;esperit d&#8217;eleg\u00e0ncia sense esfor\u00e7 i comoditat fresca. Des de llen\u00e7ols lleugers fins a cotons vibrants, cada teixit \u00e9s un testimoni tant<br \/><a href=\"https:\/\/imsatextil.com\/ca\/colecciones\/colecciones-coleccion-p-v-25\/\" class=\"more\">Read more<\/a><\/p>\n","protected":false},"author":1,"featured_media":0,"parent":305,"menu_order":0,"comment_status":"closed","ping_status":"closed","template":"","meta":{"footnotes":""},"class_list":["post-10569","page","type-page","status-publish","hentry"],"_links":{"self":[{"href":"https:\/\/imsatextil.com\/ca\/wp-json\/wp\/v2\/pages\/10569","targetHints":{"allow":["GET"]}}],"collection":[{"href":"https:\/\/imsatextil.com\/ca\/wp-json\/wp\/v2\/pages"}],"about":[{"href":"https:\/\/imsatextil.com\/ca\/wp-json\/wp\/v2\/types\/page"}],"author":[{"embeddable":true,"href":"https:\/\/imsatextil.com\/ca\/wp-json\/wp\/v2\/users\/1"}],"replies":[{"embeddable":true,"href":"https:\/\/imsatextil.com\/ca\/wp-json\/wp\/v2\/comments?post=10569"}],"version-history":[{"count":3,"href":"https:\/\/imsatextil.com\/ca\/wp-json\/wp\/v2\/pages\/10569\/revisions"}],"predecessor-version":[{"id":10649,"href":"https:\/\/imsatextil.com\/ca\/wp-json\/wp\/v2\/pages\/10569\/revisions\/10649"}],"up":[{"embeddable":true,"href":"https:\/\/imsatextil.com\/ca\/wp-json\/wp\/v2\/pages\/305"}],"wp:attachment":[{"href":"https:\/\/imsatextil.com\/ca\/wp-json\/wp\/v2\/media?parent=10569"}],"curies":[{"name":"wp","href":"https:\/\/api.w.org\/{rel}","templated":true}]}}