{"id":8853,"date":"2023-07-19T13:09:43","date_gmt":"2023-07-19T13:09:43","guid":{"rendered":"http:\/\/imsatextil.com\/coleccion-o-i-24\/"},"modified":"2023-07-19T13:21:49","modified_gmt":"2023-07-19T13:21:49","slug":"coleccion-o-i-24","status":"publish","type":"page","link":"https:\/\/imsatextil.com\/ca\/colecciones\/coleccion-o-i-24\/","title":{"rendered":"Col.LECCI\u00d3 O\/I 24"},"content":{"rendered":"<div  id='first-row'  class=\"vc_row wpb_row vc_row-fluid full-width-content \">\n\t<div class=\"vc_span12 wpb_column vc_column_container \"><div class=\"vc_column-inner \">\n\t\t<div class=\"wpb_wrapper\">\n\t\t\t\r\n\t<div class=\"wpb_single_image wpb_content_element vc_align_center\">\r\n\t\t<div class=\"wpb_wrapper\">\r\n\t\t\t\r\n\t\t\t<div class=\"vc_single_image-wrapper   vc_box_border_grey\"><img loading=\"lazy\" decoding=\"async\" width=\"1920\" height=\"257\" src=\"https:\/\/imsatextil.com\/wp-content\/uploads\/2023\/07\/header.jpg\" class=\"vc_single_image-img attachment-full\" alt=\"\" srcset=\"https:\/\/imsatextil.com\/wp-content\/uploads\/2023\/07\/header.jpg 1920w, https:\/\/imsatextil.com\/wp-content\/uploads\/2023\/07\/header-300x40.jpg 300w, https:\/\/imsatextil.com\/wp-content\/uploads\/2023\/07\/header-768x103.jpg 768w, https:\/\/imsatextil.com\/wp-content\/uploads\/2023\/07\/header-1024x137.jpg 1024w\" sizes=\"auto, (max-width: 1920px) 100vw, 1920px\" \/><\/div>\r\n\t\t<\/div>\r\n\t<\/div>\r\n\n\t\t<\/div> <\/div>\n\t<\/div> \n<\/div><div   class=\"vc_row wpb_row vc_row-fluid  \">\n\t<div class=\"vc_span12 wpb_column vc_column_container \"><div class=\"vc_column-inner \">\n\t\t<div class=\"wpb_wrapper\">\n\t\t\t<h2 style=\"text-align: left\" class=\"vc_custom_heading\" >COL.LECCI\u00d3 TARDOR \/ HIVERN 2024<\/h2>\r\n\t<div class=\"wpb_single_image wpb_content_element vc_align_left\">\r\n\t\t<div class=\"wpb_wrapper\">\r\n\t\t\t\r\n\t\t\t<div class=\"vc_single_image-wrapper   vc_box_border_grey\"><img loading=\"lazy\" decoding=\"async\" width=\"181\" height=\"7\" src=\"https:\/\/imsatextil.com\/wp-content\/uploads\/2017\/11\/separator_black.png\" class=\"vc_single_image-img attachment-full\" alt=\"\" \/><\/div>\r\n\t\t<\/div>\r\n\t<\/div>\r\n<div class=\"vc_row wpb_row vc_inner vc_row-fluid\"><div class=\"wpb_column vc_column_container vc_span6\"><div class=\"vc_column-inner  \"><div class=\"wpb_wrapper\">\n\t<div class=\"wpb_text_column wpb_content_element  \" >\n\t\t<div class=\"wpb_wrapper\" id=\"ct_qlmhai9vjvow7ijxap6c\">\n\t\t\t<p>Entra en una temporada de llibertat amb la nostra darrera col\u00b7lecci\u00f3. Abra\u00e7ant tant les ocasions a on s\u2019escaiguin looks luxosos com casuals, els nostres teixits estan elaborats meticulosament per captar l&#8217;atenci\u00f3. Experimenta el poder de crear siluetes sorprenents, ja sigui per a vetllades extravagants, roba d&#8217;oficina intel\u00b7ligent o reunions informals. Irradia amb brillantor mentre els nostres dissenys il\u00b7luminen el teu cam\u00ed. Compromesa amb la sostenibilitat, la nostra col\u00b7lecci\u00f3 inclou t\u00e8xtils i materials naturals de fabricaci\u00f3 local, que inspiren eleccions conscients. Exploreu les nostres ofertes i deixeu volar la vostra imaginaci\u00f3, imaginant les vostres pr\u00f2pies col\u00b7leccions de roba extraordin\u00e0ries. Atreveix-te a somiar i abra\u00e7ar la llibertat de la moda.<\/p>\n<p><strong>Teixits de punt<\/strong><\/p>\n<p>Submergeix-te en l&#8217;abra\u00e7ada dels nostres teixits de punt, on la comoditat i l&#8217;estil s&#8217;entrellacen. MURTRA presenta una col\u00b7lecci\u00f3 de textures suaus, matisos subtils i tocs met\u00e0l\u00b7lics delicats, creant un ambient d&#8217;eleg\u00e0ncia discreta. Des de c\u00f2modes teixits de punt fins a vestits de nit exquisits, aquests teixits ofereixen la combinaci\u00f3 perfecta de comoditat i moda. Gaudeix de la calidesa relaxant i la sensaci\u00f3 de luxe d&#8217;aquests teixits, dissenyats per oferir-te tranquil\u00b7litat i comoditat sense esfor\u00e7, fins i tot en les ocasions m\u00e9s glamuroses.<\/p>\n<p><strong>Lluentor transparent<\/strong><\/p>\n<p>La transpar\u00e8ncia es troba amb la brillantor a la nostra col\u00b7lecci\u00f3 de teixits brillants i transparents que encarnen l&#8217;eleg\u00e0ncia i l&#8217;atractiu. Amb un toc de m\u00edstica i una brillantor radiant, aquesta col\u00b7lecci\u00f3 mostra perfectament la quantitat adequada de pell, cossos captivadors i captivaci\u00f3.<\/p>\n<p><strong>Opul\u00e8ncia<\/strong><\/p>\n<p>Submergeix-te en l&#8217;atractiu lux\u00f3s dels nostres teixits rics i opulents, adornats amb fils met\u00e0l\u00b7lics brillants. Teixits complexos que reflecteixen la llum i desprenen grandesa, aquests teixits creen un ambient de glamur refinat. Des de jacquards altament elaborats fins a devor\u00e9s, aquests teixits ofereixen possibilitats il\u00b7limitades per a aquells que busquen exclusivitat. Deixa que la interacci\u00f3 de l&#8217;opul\u00e8ncia i la brillantor complexa elevi el teu estil i l&#8217;entorn.<\/p>\n<p><strong>Lluentons<\/strong><\/p>\n<p>Un aut\u00e8ntic calidoscopi de lluentons i pedreria! Submergeix-te en un regne d&#8217;una bellesa fascinant amb la nostra col\u00b7lecci\u00f3 de teles adornades amb lluentons enlluernadores sobre un sumptu\u00f3s vellut i un complex tul amb perles. Aquesta col\u00b7lecci\u00f3 teixeix un tap\u00eds de fantasia i colors vibrants, oferint un viatge captivador a trav\u00e9s de dissenys capritxosos. Des de vestits eteris fins a vestits de luxe, aquests teixits encarnen l&#8217;ess\u00e8ncia de la m\u00e0gia i aporten un toc de glamur a cada creaci\u00f3. Deixa volar la teva imaginaci\u00f3!<\/p>\n\n\t\t<\/div> \n\t<\/div> <\/div><\/div><\/div><div class=\"wpb_column vc_column_container vc_span6\"><div class=\"vc_column-inner  \"><div class=\"wpb_wrapper\">\n\t<div class=\"wpb_text_column wpb_content_element  \" >\n\t\t<div class=\"wpb_wrapper\" id=\"ct_7ply2wmhzws4tekrpen3\">\n\t\t\t<p><strong>Acoltxats<\/strong><\/p>\n<p>No sacrifiqueu l&#8217;estil per la calidesa! Augmenta la teva comoditat i estil amb la nostra col\u00b7lecci\u00f3 de teixits encoixinats on la calidesa es converteix en una declaraci\u00f3 d&#8217;estil. Aquesta col\u00b7lecci\u00f3 inclou des de teixits amb cuir veg\u00e0 en tons met\u00e0l\u00b7lics fins a nil\u00f3 de brillantor setinat i textures subtils, on la funcionalitat es troba amb l&#8217;eleg\u00e0ncia. Des de roba exterior de moda fins a accessoris elegants, aquests teixits ofereixen una picada d\u2019ull al luxe, mantenint-vos c\u00f2mode sense comprometre l&#8217;estil.<\/p>\n<p><strong>Pell d&#8217;animal<\/strong><\/p>\n<p>Us presentem els nostres exquisits teixits inspirats en pell d\u2019animals per alliberar la bellesa de la natura en els vostres dissenys. Teixits que encenen els teus sentits i aporten la bellesa ind\u00f2mita del m\u00f3n natural a les teves peces, i que t&#8217;emportaran a una aventura salvatge sense sortir del teu acollidor santuari. Des de patrons complexos, des d&#8217;una serp fascinant o un caiman fins a l&#8217;aud\u00e0cia i la gr\u00e0cia de les taques de lleopard, prepara&#8217;t per crear una col\u00b7lecci\u00f3 impressionant i salvatge.<\/p>\n<p><strong>Tons magenta<\/strong><\/p>\n<p>Aquesta temporada ha de ser acollidora i c\u00e0lida per\u00f2 tamb\u00e9 per destacar! Amb els nostres tons de colors brillants, basats en tons magenta, els nostres teixits s\u00f3n perfectes per a aquells que volen expressar el seu estil \u00fanic, irradiant confian\u00e7a i passi\u00f3. Aquests tons et faran sentir empoderat i deixaran una impressi\u00f3 duradora all\u00e0 on vagis. Fes que els teus dissenys siguin una barreja de vitalitat i sofisticaci\u00f3!<\/p>\n<p><strong>Pels sint\u00e8tics<\/strong><\/p>\n<p>Experimenta la m\u00e0xima indulg\u00e8ncia amb la nostra col\u00b7lecci\u00f3 de teixits especialment dissenyats per afegir un toc de calidesa i comfort al teu armari. Elaborats amb una minuciosa atenci\u00f3 als detalls, aquests t\u00e8xtils irresistiblement suaus us envoltaran en una c\u00e0lida abra\u00e7ada, fent que cada dia se senti com un refugi de calidesa acollidora. Amb els nostres teixits peluts podr\u00e0s oferir l&#8217;equilibri perfecte entre eleg\u00e0ncia i comoditat.<\/p>\n<p><strong>Tot tweed<\/strong><\/p>\n<p>Abra\u00e7a la her\u00e8ncia dels cl\u00e0ssics: Tweed \u00e9s un teixit carregat de tradici\u00f3, que recorda les icones d&#8217;estil atemporals del passat. La seva rica hist\u00f2ria i la seva popularitat perdurable el converteixen en un element b\u00e0sic de l&#8217;armari per a aquells que aprecien la moda refinada i l&#8217;artesania exquisida. Amb els nostres teixits de tweed, podeu connectar amb el llegat de l&#8217;eleg\u00e0ncia atemporal i fer-lo vostre. Estigueu preparats per afegir a les vostres col\u00b7leccions un toc d&#8217;eleg\u00e0ncia cl\u00e0ssica que millora sense esfor\u00e7 qualsevol armari.<\/p>\n<p><strong>Tons de foc<\/strong><\/p>\n<p>Estableix tend\u00e8ncies amb calor i energia: el taronja \u00e9s un color vers\u00e0til que complementa diversos estils de moda. Tant si busqueu un aspecte bohemi, ecl\u00e8ctic o modern, els nostres teixits van des de colors mandarina ardent fins a pr\u00e9ssec suau i siena cremada, i afegiran un element din\u00e0mic i animat als vostres vestits. Experimenta el poder transformador del color i deixa que els tons de foc il\u00b7luminin el teu viatge de moda.<\/p>\n\n\t\t<\/div> \n\t<\/div> <\/div><\/div><\/div><\/div><style type=\"text\/css\" >#ic_ua8llns81esldkzhhsrb {margin:0px auto 0px; }#ic_ua8llns81esldkzhhsrb .owl-prev,#ic_ua8llns81esldkzhhsrb .owl-next{border-color:#ecf0f1; background:#ffffff; color:#4a4f55; }#ic_ua8llns81esldkzhhsrb .owl-prev:hover,#ic_ua8llns81esldkzhhsrb .owl-next:hover{background:#f9fafb; color:#000000; }#ic_ua8llns81esldkzhhsrb .owl-prev:before,#ic_ua8llns81esldkzhhsrb .owl-next:after{border-color:#4a4f55; }#ic_ua8llns81esldkzhhsrb .owl-prev:hover::before,#ic_ua8llns81esldkzhhsrb .owl-next:hover::after{border-color:#000000; }#ic_ua8llns81esldkzhhsrb .owl-dot{ background:#ffffff; border-color:#ecf0f1; }#ic_ua8llns81esldkzhhsrb .owl-dot.active{ background:#000000; border-color:#ecf0f1;}<\/style><script type=\"text\/javascript\" charset=\"utf-8\">\r\n\r\n\t\tjQuery.noConflict();\r\n\t\/\/setup up Carousel\r\n\t\tjQuery(document).ready(function($) {\r\n\t\"use strict\";\r\n\t$(window).load(function(){\r\n\t\t$(\"#ic_ua8llns81esldkzhhsrb\").owlCarousel({\r\n\t\t\trtl: $(\"body\").hasClass(\"rtl\") ? true : false,\r\n\t\t\tresponsiveClass:true,\r\n\t\t\tcenter:true,\r\n\t\t\tloop:true,\r\n\t\t\tresponsive:{\r\n\t\t\t\t0:{\r\n\t\t\t\t\titems:1,\r\n\t\t\t    },\r\n\t\t\t    780:{\r\n\t\t\t        items:2,\r\n\t\t\t\t},\r\n\t\t\t\t1000:{\r\n\t\t\t\t    items:2,\r\n\t\t\t\t},\r\n\t\t\t},\r\n            scroll: 1,\r\n\t\t\tautoplay:false,\r\n\t   \t \t dots:false,\r\n\t\t\t nav:true,\r\n\t\r\n\t\t});\r\n\t});\r\n});\r\n\r\n<\/script><div class=\"tt_testimonials_ctn rd_ic_center  hover_nav_style \" id=\"ic_ua8llns81esldkzhhsrb\" style=\"margin-top:0px; margin-bottom:0px;\"><a href=\"https:\/\/imsatextil.com\/wp-content\/uploads\/2023\/07\/oton\u0303o_invierno_24-10-1024x724.jpg\"  rel=\"prettyPhoto[rel-ua8llns81esldkzhhsrb]\" ><img loading=\"lazy\" decoding=\"async\" width=\"2481\" height=\"1754\" src=\"https:\/\/imsatextil.com\/wp-content\/uploads\/2023\/07\/oton\u0303o_invierno_24-10.jpg\" class=\"attachment-full\" alt=\"\" srcset=\"https:\/\/imsatextil.com\/wp-content\/uploads\/2023\/07\/oton\u0303o_invierno_24-10.jpg 2481w, https:\/\/imsatextil.com\/wp-content\/uploads\/2023\/07\/oton\u0303o_invierno_24-10-300x212.jpg 300w, https:\/\/imsatextil.com\/wp-content\/uploads\/2023\/07\/oton\u0303o_invierno_24-10-768x543.jpg 768w, https:\/\/imsatextil.com\/wp-content\/uploads\/2023\/07\/oton\u0303o_invierno_24-10-1024x724.jpg 1024w\" sizes=\"auto, (max-width: 2481px) 100vw, 2481px\" \/><\/a><a href=\"https:\/\/imsatextil.com\/wp-content\/uploads\/2023\/07\/oton\u0303o_invierno_24-09-1024x724.jpg\"  rel=\"prettyPhoto[rel-ua8llns81esldkzhhsrb]\" ><img loading=\"lazy\" decoding=\"async\" width=\"2481\" height=\"1754\" src=\"https:\/\/imsatextil.com\/wp-content\/uploads\/2023\/07\/oton\u0303o_invierno_24-09.jpg\" class=\"attachment-full\" alt=\"\" srcset=\"https:\/\/imsatextil.com\/wp-content\/uploads\/2023\/07\/oton\u0303o_invierno_24-09.jpg 2481w, https:\/\/imsatextil.com\/wp-content\/uploads\/2023\/07\/oton\u0303o_invierno_24-09-300x212.jpg 300w, https:\/\/imsatextil.com\/wp-content\/uploads\/2023\/07\/oton\u0303o_invierno_24-09-768x543.jpg 768w, https:\/\/imsatextil.com\/wp-content\/uploads\/2023\/07\/oton\u0303o_invierno_24-09-1024x724.jpg 1024w\" sizes=\"auto, (max-width: 2481px) 100vw, 2481px\" \/><\/a><a href=\"https:\/\/imsatextil.com\/wp-content\/uploads\/2023\/07\/oton\u0303o_invierno_24-08-1024x724.jpg\"  rel=\"prettyPhoto[rel-ua8llns81esldkzhhsrb]\" ><img loading=\"lazy\" decoding=\"async\" width=\"2481\" height=\"1754\" src=\"https:\/\/imsatextil.com\/wp-content\/uploads\/2023\/07\/oton\u0303o_invierno_24-08.jpg\" class=\"attachment-full\" alt=\"\" srcset=\"https:\/\/imsatextil.com\/wp-content\/uploads\/2023\/07\/oton\u0303o_invierno_24-08.jpg 2481w, https:\/\/imsatextil.com\/wp-content\/uploads\/2023\/07\/oton\u0303o_invierno_24-08-300x212.jpg 300w, https:\/\/imsatextil.com\/wp-content\/uploads\/2023\/07\/oton\u0303o_invierno_24-08-768x543.jpg 768w, https:\/\/imsatextil.com\/wp-content\/uploads\/2023\/07\/oton\u0303o_invierno_24-08-1024x724.jpg 1024w\" sizes=\"auto, (max-width: 2481px) 100vw, 2481px\" \/><\/a><a href=\"https:\/\/imsatextil.com\/wp-content\/uploads\/2023\/07\/oton\u0303o_invierno_24-07-1024x724.jpg\"  rel=\"prettyPhoto[rel-ua8llns81esldkzhhsrb]\" ><img loading=\"lazy\" decoding=\"async\" width=\"2482\" height=\"1755\" src=\"https:\/\/imsatextil.com\/wp-content\/uploads\/2023\/07\/oton\u0303o_invierno_24-07.jpg\" class=\"attachment-full\" alt=\"\" srcset=\"https:\/\/imsatextil.com\/wp-content\/uploads\/2023\/07\/oton\u0303o_invierno_24-07.jpg 2482w, https:\/\/imsatextil.com\/wp-content\/uploads\/2023\/07\/oton\u0303o_invierno_24-07-300x212.jpg 300w, https:\/\/imsatextil.com\/wp-content\/uploads\/2023\/07\/oton\u0303o_invierno_24-07-768x543.jpg 768w, https:\/\/imsatextil.com\/wp-content\/uploads\/2023\/07\/oton\u0303o_invierno_24-07-1024x724.jpg 1024w\" sizes=\"auto, (max-width: 2482px) 100vw, 2482px\" \/><\/a><a href=\"https:\/\/imsatextil.com\/wp-content\/uploads\/2023\/07\/oton\u0303o_invierno_24-06-1024x724.jpg\"  rel=\"prettyPhoto[rel-ua8llns81esldkzhhsrb]\" ><img loading=\"lazy\" decoding=\"async\" width=\"2482\" height=\"1755\" src=\"https:\/\/imsatextil.com\/wp-content\/uploads\/2023\/07\/oton\u0303o_invierno_24-06.jpg\" class=\"attachment-full\" alt=\"\" srcset=\"https:\/\/imsatextil.com\/wp-content\/uploads\/2023\/07\/oton\u0303o_invierno_24-06.jpg 2482w, https:\/\/imsatextil.com\/wp-content\/uploads\/2023\/07\/oton\u0303o_invierno_24-06-300x212.jpg 300w, https:\/\/imsatextil.com\/wp-content\/uploads\/2023\/07\/oton\u0303o_invierno_24-06-768x543.jpg 768w, https:\/\/imsatextil.com\/wp-content\/uploads\/2023\/07\/oton\u0303o_invierno_24-06-1024x724.jpg 1024w\" sizes=\"auto, (max-width: 2482px) 100vw, 2482px\" \/><\/a><a href=\"https:\/\/imsatextil.com\/wp-content\/uploads\/2023\/07\/oton\u0303o_invierno_24-05-1024x724.jpg\"  rel=\"prettyPhoto[rel-ua8llns81esldkzhhsrb]\" ><img loading=\"lazy\" decoding=\"async\" width=\"2482\" height=\"1755\" src=\"https:\/\/imsatextil.com\/wp-content\/uploads\/2023\/07\/oton\u0303o_invierno_24-05.jpg\" class=\"attachment-full\" alt=\"\" srcset=\"https:\/\/imsatextil.com\/wp-content\/uploads\/2023\/07\/oton\u0303o_invierno_24-05.jpg 2482w, https:\/\/imsatextil.com\/wp-content\/uploads\/2023\/07\/oton\u0303o_invierno_24-05-300x212.jpg 300w, https:\/\/imsatextil.com\/wp-content\/uploads\/2023\/07\/oton\u0303o_invierno_24-05-768x543.jpg 768w, https:\/\/imsatextil.com\/wp-content\/uploads\/2023\/07\/oton\u0303o_invierno_24-05-1024x724.jpg 1024w\" sizes=\"auto, (max-width: 2482px) 100vw, 2482px\" \/><\/a><a href=\"https:\/\/imsatextil.com\/wp-content\/uploads\/2023\/07\/oton\u0303o_invierno_24-04-1024x724.jpg\"  rel=\"prettyPhoto[rel-ua8llns81esldkzhhsrb]\" ><img loading=\"lazy\" decoding=\"async\" width=\"2482\" height=\"1755\" src=\"https:\/\/imsatextil.com\/wp-content\/uploads\/2023\/07\/oton\u0303o_invierno_24-04.jpg\" class=\"attachment-full\" alt=\"\" srcset=\"https:\/\/imsatextil.com\/wp-content\/uploads\/2023\/07\/oton\u0303o_invierno_24-04.jpg 2482w, https:\/\/imsatextil.com\/wp-content\/uploads\/2023\/07\/oton\u0303o_invierno_24-04-300x212.jpg 300w, https:\/\/imsatextil.com\/wp-content\/uploads\/2023\/07\/oton\u0303o_invierno_24-04-768x543.jpg 768w, https:\/\/imsatextil.com\/wp-content\/uploads\/2023\/07\/oton\u0303o_invierno_24-04-1024x724.jpg 1024w\" sizes=\"auto, (max-width: 2482px) 100vw, 2482px\" \/><\/a><a href=\"https:\/\/imsatextil.com\/wp-content\/uploads\/2023\/07\/oton\u0303o_invierno_24-01-1024x724.jpg\"  rel=\"prettyPhoto[rel-ua8llns81esldkzhhsrb]\" ><img loading=\"lazy\" decoding=\"async\" width=\"2482\" height=\"1755\" src=\"https:\/\/imsatextil.com\/wp-content\/uploads\/2023\/07\/oton\u0303o_invierno_24-01.jpg\" class=\"attachment-full\" alt=\"\" srcset=\"https:\/\/imsatextil.com\/wp-content\/uploads\/2023\/07\/oton\u0303o_invierno_24-01.jpg 2482w, https:\/\/imsatextil.com\/wp-content\/uploads\/2023\/07\/oton\u0303o_invierno_24-01-300x212.jpg 300w, https:\/\/imsatextil.com\/wp-content\/uploads\/2023\/07\/oton\u0303o_invierno_24-01-768x543.jpg 768w, https:\/\/imsatextil.com\/wp-content\/uploads\/2023\/07\/oton\u0303o_invierno_24-01-1024x724.jpg 1024w\" sizes=\"auto, (max-width: 2482px) 100vw, 2482px\" \/><\/a><a href=\"https:\/\/imsatextil.com\/wp-content\/uploads\/2023\/07\/oton\u0303o_invierno_24-02-1024x724.jpg\"  rel=\"prettyPhoto[rel-ua8llns81esldkzhhsrb]\" ><img loading=\"lazy\" decoding=\"async\" width=\"2482\" height=\"1755\" src=\"https:\/\/imsatextil.com\/wp-content\/uploads\/2023\/07\/oton\u0303o_invierno_24-02.jpg\" class=\"attachment-full\" alt=\"\" srcset=\"https:\/\/imsatextil.com\/wp-content\/uploads\/2023\/07\/oton\u0303o_invierno_24-02.jpg 2482w, https:\/\/imsatextil.com\/wp-content\/uploads\/2023\/07\/oton\u0303o_invierno_24-02-300x212.jpg 300w, https:\/\/imsatextil.com\/wp-content\/uploads\/2023\/07\/oton\u0303o_invierno_24-02-768x543.jpg 768w, https:\/\/imsatextil.com\/wp-content\/uploads\/2023\/07\/oton\u0303o_invierno_24-02-1024x724.jpg 1024w\" sizes=\"auto, (max-width: 2482px) 100vw, 2482px\" \/><\/a><a href=\"https:\/\/imsatextil.com\/wp-content\/uploads\/2023\/07\/oton\u0303o_invierno_24-03-1024x724.jpg\"  rel=\"prettyPhoto[rel-ua8llns81esldkzhhsrb]\" ><img loading=\"lazy\" decoding=\"async\" width=\"2482\" height=\"1755\" src=\"https:\/\/imsatextil.com\/wp-content\/uploads\/2023\/07\/oton\u0303o_invierno_24-03.jpg\" class=\"attachment-full\" alt=\"\" srcset=\"https:\/\/imsatextil.com\/wp-content\/uploads\/2023\/07\/oton\u0303o_invierno_24-03.jpg 2482w, https:\/\/imsatextil.com\/wp-content\/uploads\/2023\/07\/oton\u0303o_invierno_24-03-300x212.jpg 300w, https:\/\/imsatextil.com\/wp-content\/uploads\/2023\/07\/oton\u0303o_invierno_24-03-768x543.jpg 768w, https:\/\/imsatextil.com\/wp-content\/uploads\/2023\/07\/oton\u0303o_invierno_24-03-1024x724.jpg 1024w\" sizes=\"auto, (max-width: 2482px) 100vw, 2482px\" \/><\/a><\/div>\n\t\t<\/div> <\/div>\n\t<\/div> \n<\/div>\n","protected":false},"excerpt":{"rendered":"<p>COL.LECCI\u00d3 TARDOR \/ HIVERN 2024 Entra en una temporada de llibertat amb la nostra darrera col\u00b7lecci\u00f3. Abra\u00e7ant tant les ocasions a on s\u2019escaiguin looks luxosos com casuals, els nostres teixits estan elaborats meticulosament per captar l&#8217;atenci\u00f3. Experimenta el poder de crear siluetes sorprenents, ja sigui per a vetllades extravagants, roba d&#8217;oficina intel\u00b7ligent o reunions informals.<br \/><a href=\"https:\/\/imsatextil.com\/ca\/colecciones\/coleccion-o-i-24\/\" class=\"more\">Read more<\/a><\/p>\n","protected":false},"author":1,"featured_media":0,"parent":305,"menu_order":0,"comment_status":"closed","ping_status":"closed","template":"","meta":{"footnotes":""},"class_list":["post-8853","page","type-page","status-publish","hentry"],"_links":{"self":[{"href":"https:\/\/imsatextil.com\/ca\/wp-json\/wp\/v2\/pages\/8853","targetHints":{"allow":["GET"]}}],"collection":[{"href":"https:\/\/imsatextil.com\/ca\/wp-json\/wp\/v2\/pages"}],"about":[{"href":"https:\/\/imsatextil.com\/ca\/wp-json\/wp\/v2\/types\/page"}],"author":[{"embeddable":true,"href":"https:\/\/imsatextil.com\/ca\/wp-json\/wp\/v2\/users\/1"}],"replies":[{"embeddable":true,"href":"https:\/\/imsatextil.com\/ca\/wp-json\/wp\/v2\/comments?post=8853"}],"version-history":[{"count":3,"href":"https:\/\/imsatextil.com\/ca\/wp-json\/wp\/v2\/pages\/8853\/revisions"}],"predecessor-version":[{"id":8906,"href":"https:\/\/imsatextil.com\/ca\/wp-json\/wp\/v2\/pages\/8853\/revisions\/8906"}],"up":[{"embeddable":true,"href":"https:\/\/imsatextil.com\/ca\/wp-json\/wp\/v2\/pages\/305"}],"wp:attachment":[{"href":"https:\/\/imsatextil.com\/ca\/wp-json\/wp\/v2\/media?parent=8853"}],"curies":[{"name":"wp","href":"https:\/\/api.w.org\/{rel}","templated":true}]}}