{"id":8512,"date":"2021-07-23T08:26:17","date_gmt":"2021-07-23T08:26:17","guid":{"rendered":"http:\/\/imsatextil.com\/coleccion-o-i-22\/"},"modified":"2021-07-23T09:06:15","modified_gmt":"2021-07-23T09:06:15","slug":"coleccion-o-i-22","status":"publish","type":"page","link":"https:\/\/imsatextil.com\/fr\/colecciones\/coleccion-o-i-22\/","title":{"rendered":"Automne Hiver O\/I 22"},"content":{"rendered":"<div  id='first-row'  class=\"vc_row wpb_row vc_row-fluid full-width-content \">\n\t<div class=\"vc_span12 wpb_column vc_column_container \"><div class=\"vc_column-inner \">\n\t\t<div class=\"wpb_wrapper\">\n\t\t\t\r\n\t<div class=\"wpb_single_image wpb_content_element vc_align_center\">\r\n\t\t<div class=\"wpb_wrapper\">\r\n\t\t\t\r\n\t\t\t<div class=\"vc_single_image-wrapper   vc_box_border_grey\"><img loading=\"lazy\" decoding=\"async\" width=\"1920\" height=\"257\" src=\"https:\/\/imsatextil.com\/wp-content\/uploads\/2021\/07\/header_otono-invierno-22.jpg\" class=\"vc_single_image-img attachment-full\" alt=\"\" srcset=\"https:\/\/imsatextil.com\/wp-content\/uploads\/2021\/07\/header_otono-invierno-22.jpg 1920w, https:\/\/imsatextil.com\/wp-content\/uploads\/2021\/07\/header_otono-invierno-22-300x40.jpg 300w, https:\/\/imsatextil.com\/wp-content\/uploads\/2021\/07\/header_otono-invierno-22-768x103.jpg 768w, https:\/\/imsatextil.com\/wp-content\/uploads\/2021\/07\/header_otono-invierno-22-1024x137.jpg 1024w\" sizes=\"auto, (max-width: 1920px) 100vw, 1920px\" \/><\/div>\r\n\t\t<\/div>\r\n\t<\/div>\r\n\n\t\t<\/div> <\/div>\n\t<\/div> \n<\/div><div   class=\"vc_row wpb_row vc_row-fluid  \">\n\t<div class=\"vc_span12 wpb_column vc_column_container \"><div class=\"vc_column-inner \">\n\t\t<div class=\"wpb_wrapper\">\n\t\t\t<h2 style=\"text-align: left\" class=\"vc_custom_heading\" >COLLECTION AUTOMNE \/ HIVER 2022<\/h2>\r\n\t<div class=\"wpb_single_image wpb_content_element vc_align_left\">\r\n\t\t<div class=\"wpb_wrapper\">\r\n\t\t\t\r\n\t\t\t<div class=\"vc_single_image-wrapper   vc_box_border_grey\"><img loading=\"lazy\" decoding=\"async\" width=\"181\" height=\"7\" src=\"https:\/\/imsatextil.com\/wp-content\/uploads\/2017\/11\/separator_black.png\" class=\"vc_single_image-img attachment-full\" alt=\"\" \/><\/div>\r\n\t\t<\/div>\r\n\t<\/div>\r\n<div class=\"vc_row wpb_row vc_inner vc_row-fluid\"><div class=\"wpb_column vc_column_container vc_span6\"><div class=\"vc_column-inner  \"><div class=\"wpb_wrapper\">\n\t<div class=\"wpb_text_column wpb_content_element  \" >\n\t\t<div class=\"wpb_wrapper\" id=\"ct_pyr9xqej2z88xc7pox9i\">\n\t\t\t<p style=\"font-weight: 400;\">Pour cette saison Automne\/Hiver, Murtra a le plaisir de pr\u00e9senter une collection \u00e9tendue pour couvrir tous les besoins des designers, avec de nombreuses nouveaut\u00e9s exclusives, des fibres naturelles et des tissus de production locale.<\/p>\n<p style=\"font-weight: 400;\"><strong>Jacquard<\/strong><\/p>\n<p style=\"font-weight: 400;\">Une riche collection de tissus jacquard exclusifs, comprenant des options pour le jour, la nuit et la c\u00e9r\u00e9monie. Des structures qui jouent avec les contrastes tels que brillant vs mat, textur\u00e9 vs lisse, et volume vs plat. La plupart de nos tissus jacquard sont des cr\u00e9ations exclusives \u00ab\u00a0Made in Spain\u00a0\u00bb.<\/p>\n<p style=\"font-weight: 400;\"><strong>M\u00e9talliques<\/strong><\/p>\n<p style=\"font-weight: 400;\">Avec un besoin d&rsquo;\u00e9blouir et de briller, toutes sortes de tissus avec des d\u00e9tails et des finitions m\u00e9talliques font ressortir le glamour de cette collection. Les mailles, les plis, l&rsquo;organza brod\u00e9 et les magnifiques burnouts ne sont pas seulement utilis\u00e9s pour les c\u00e9l\u00e9brations mais aussi de mani\u00e8re plus d\u00e9contract\u00e9e dans notre vie quotidienne.<\/p>\n<p style=\"font-weight: 400;\"><strong>Volume rembourr\u00e9<\/strong><\/p>\n<p style=\"font-weight: 400;\">Cette saison, tout est question de volume ! Nous avons cr\u00e9\u00e9 des mod\u00e8les exclusifs pour des mati\u00e8res l\u00e9g\u00e8rement rembourr\u00e9es \u00e0 utiliser en couches interm\u00e9diaires : chenille douce, tricots et tissages chauds&#8230; ainsi qu&rsquo;un assortiment de poids plus lourds pour les v\u00eatements d&rsquo;ext\u00e9rieur, dans des mod\u00e8les hydrofuges.<\/p>\n<p style=\"font-weight: 400;\"><strong>Fausse fourrure<\/strong><\/p>\n<p style=\"font-weight: 400;\">Les imitations de fourrure respectueuses de l&rsquo;environnement constituent une part importante de cette collection d&rsquo;hiver. Des motifs doux et douillets, dans des poids et des couleurs vari\u00e9s, r\u00e9pondent \u00e0 diff\u00e9rents besoins de conception, qu&rsquo;il s&rsquo;agisse d&rsquo;accessoires, de cols ou de manteaux et de gilets entiers ! Laissez libre cours \u00e0 votre imagination !<\/p>\n<p style=\"font-weight: 400;\"><strong>Doux et naturel<\/strong><\/p>\n<p style=\"font-weight: 400;\">Avec l&rsquo;arriv\u00e9e du froid et les \u00e9v\u00e9nements r\u00e9cents, tout ce que nous voulons, c&rsquo;est nous sentir \u00e0 l&rsquo;aise et au chaud, sans perdre notre style. Dans cette collection, nous trouvons des tissus \u00e9cossais et unis, tous bas\u00e9s sur une palette de couleurs qui \u00e9voque la paix de l&rsquo;esprit et la tranquillit\u00e9. La douceur des mains et les mat\u00e9riaux naturels sont les cl\u00e9s pour transmettre cette sensation de chaleur.<\/p>\n\n\t\t<\/div> \n\t<\/div> <\/div><\/div><\/div><div class=\"wpb_column vc_column_container vc_span6\"><div class=\"vc_column-inner  \"><div class=\"wpb_wrapper\">\n\t<div class=\"wpb_text_column wpb_content_element  \" >\n\t\t<div class=\"wpb_wrapper\" id=\"ct_u8s1wr58ds16qohscap0\">\n\t\t\t<p style=\"font-weight: 400;\"><strong>Floral<\/strong><\/p>\n<p style=\"font-weight: 400;\">Bien que ce soit l&rsquo;hiver, les imprim\u00e9s et motifs floraux deviennent un must de la saison. Des tissus jacquards aux broderies, en passant par les paillettes et les imprim\u00e9s, qu&rsquo;ils soient d&rsquo;inspiration japonaise, Liberty, 70&rsquo;s&#8230; qu&rsquo;ils soient pleins de couleurs ou monochromes, ils font tous partie de ce magnifique jardin d&rsquo;hiver !<\/p>\n<p>&nbsp;<\/p>\n<p style=\"font-weight: 400;\"><strong>Nouveaux classiques<\/strong><\/p>\n<p style=\"font-weight: 400;\">Les carreaux classiques de toujours sont remis au go\u00fbt du jour : des tissus d\u00e9contract\u00e9s et \u00e9l\u00e9gants pour des collections intelligentes et fonctionnelles, avec des d\u00e9tails dans des couleurs tendance cl\u00e9s.\u00a0 Avec ces tissus, vous pouvez cr\u00e9er des v\u00eatements pour enfants, femmes, hommes&#8230; ils sont tous superbes !<\/p>\n<p style=\"font-weight: 400;\"><strong>Tricots<\/strong><\/p>\n<p style=\"font-weight: 400;\">Cette saison est plac\u00e9e sous le signe du confort et de la douceur. De nouvelles textures et de nouveaux motifs avec de nouvelles combinaisons de couleurs forment une collection \u00e9clectique de tissus avec de multiples applications et choix de silhouettes.<\/p>\n<p style=\"font-weight: 400;\"><strong>Tartan<\/strong><\/p>\n<p style=\"font-weight: 400;\">La reine des carreaux, avec sa palette de couleurs authentiques, fait un retour en force pour tous les \u00e2ges et tous les sexes. De nouvelles versions et diff\u00e9rents poids, mat\u00e9riaux et combinaisons de couleurs qui vous permettent de concevoir tout type de v\u00eatement que vous pouvez imaginer.<\/p>\n<p style=\"font-weight: 400;\"><strong>Douillet et chaud<\/strong><\/p>\n<p style=\"font-weight: 400;\">Cette collection pour enfants est d\u00e9finie par la fonctionnalit\u00e9. Des mati\u00e8res chaudes et douces prot\u00e8geront les petits avec style ! Des tricots avec des textures, des mat\u00e9riaux rembourr\u00e9s et des fausses fourrures dans des couleurs douces se combinent de mani\u00e8re surprenante.<\/p>\n\n\t\t<\/div> \n\t<\/div> <\/div><\/div><\/div><\/div><style type=\"text\/css\" >#ic_6jt5wmsttietmgi38xiv {margin:0px auto 0px; }#ic_6jt5wmsttietmgi38xiv .owl-prev,#ic_6jt5wmsttietmgi38xiv .owl-next{border-color:#ecf0f1; background:#ffffff; color:#4a4f55; }#ic_6jt5wmsttietmgi38xiv .owl-prev:hover,#ic_6jt5wmsttietmgi38xiv .owl-next:hover{background:#f9fafb; color:#000000; }#ic_6jt5wmsttietmgi38xiv .owl-prev:before,#ic_6jt5wmsttietmgi38xiv .owl-next:after{border-color:#4a4f55; }#ic_6jt5wmsttietmgi38xiv .owl-prev:hover::before,#ic_6jt5wmsttietmgi38xiv .owl-next:hover::after{border-color:#000000; }#ic_6jt5wmsttietmgi38xiv .owl-dot{ background:#ffffff; border-color:#ecf0f1; }#ic_6jt5wmsttietmgi38xiv .owl-dot.active{ background:#000000; border-color:#ecf0f1;}<\/style><script type=\"text\/javascript\" charset=\"utf-8\">\r\n\r\n\t\tjQuery.noConflict();\r\n\t\/\/setup up Carousel\r\n\t\tjQuery(document).ready(function($) {\r\n\t\"use strict\";\r\n\t$(window).load(function(){\r\n\t\t$(\"#ic_6jt5wmsttietmgi38xiv\").owlCarousel({\r\n\t\t\trtl: $(\"body\").hasClass(\"rtl\") ? true : false,\r\n\t\t\tresponsiveClass:true,\r\n\t\t\tcenter:true,\r\n\t\t\tloop:true,\r\n\t\t\tresponsive:{\r\n\t\t\t\t0:{\r\n\t\t\t\t\titems:1,\r\n\t\t\t    },\r\n\t\t\t    780:{\r\n\t\t\t        items:2,\r\n\t\t\t\t},\r\n\t\t\t\t1000:{\r\n\t\t\t\t    items:2,\r\n\t\t\t\t},\r\n\t\t\t},\r\n            scroll: 1,\r\n\t\t\tautoplay:false,\r\n\t   \t \t dots:false,\r\n\t\t\t nav:true,\r\n\t\r\n\t\t});\r\n\t});\r\n});\r\n\r\n<\/script><div class=\"tt_testimonials_ctn rd_ic_center  hover_nav_style \" id=\"ic_6jt5wmsttietmgi38xiv\" style=\"margin-top:0px; margin-bottom:0px;\"><a href=\"https:\/\/imsatextil.com\/wp-content\/uploads\/2021\/07\/FW22-23-Moodboards-Murtra-10-1024x724.jpg\"  rel=\"prettyPhoto[rel-6jt5wmsttietmgi38xiv]\" ><img loading=\"lazy\" decoding=\"async\" width=\"1190\" height=\"841\" src=\"https:\/\/imsatextil.com\/wp-content\/uploads\/2021\/07\/FW22-23-Moodboards-Murtra-10.jpg\" class=\"attachment-full\" alt=\"\" srcset=\"https:\/\/imsatextil.com\/wp-content\/uploads\/2021\/07\/FW22-23-Moodboards-Murtra-10.jpg 1190w, https:\/\/imsatextil.com\/wp-content\/uploads\/2021\/07\/FW22-23-Moodboards-Murtra-10-300x212.jpg 300w, https:\/\/imsatextil.com\/wp-content\/uploads\/2021\/07\/FW22-23-Moodboards-Murtra-10-768x543.jpg 768w, https:\/\/imsatextil.com\/wp-content\/uploads\/2021\/07\/FW22-23-Moodboards-Murtra-10-1024x724.jpg 1024w\" sizes=\"auto, (max-width: 1190px) 100vw, 1190px\" \/><\/a><a href=\"https:\/\/imsatextil.com\/wp-content\/uploads\/2021\/07\/FW22-23-Moodboards-Murtra-9-1024x724.jpg\"  rel=\"prettyPhoto[rel-6jt5wmsttietmgi38xiv]\" ><img loading=\"lazy\" decoding=\"async\" width=\"1190\" height=\"841\" src=\"https:\/\/imsatextil.com\/wp-content\/uploads\/2021\/07\/FW22-23-Moodboards-Murtra-9.jpg\" class=\"attachment-full\" alt=\"\" srcset=\"https:\/\/imsatextil.com\/wp-content\/uploads\/2021\/07\/FW22-23-Moodboards-Murtra-9.jpg 1190w, https:\/\/imsatextil.com\/wp-content\/uploads\/2021\/07\/FW22-23-Moodboards-Murtra-9-300x212.jpg 300w, https:\/\/imsatextil.com\/wp-content\/uploads\/2021\/07\/FW22-23-Moodboards-Murtra-9-768x543.jpg 768w, https:\/\/imsatextil.com\/wp-content\/uploads\/2021\/07\/FW22-23-Moodboards-Murtra-9-1024x724.jpg 1024w\" sizes=\"auto, (max-width: 1190px) 100vw, 1190px\" \/><\/a><a href=\"https:\/\/imsatextil.com\/wp-content\/uploads\/2021\/07\/FW22-23-Moodboards-Murtra-8-1024x724.jpg\"  rel=\"prettyPhoto[rel-6jt5wmsttietmgi38xiv]\" ><img loading=\"lazy\" decoding=\"async\" width=\"1190\" height=\"841\" src=\"https:\/\/imsatextil.com\/wp-content\/uploads\/2021\/07\/FW22-23-Moodboards-Murtra-8.jpg\" class=\"attachment-full\" alt=\"\" srcset=\"https:\/\/imsatextil.com\/wp-content\/uploads\/2021\/07\/FW22-23-Moodboards-Murtra-8.jpg 1190w, https:\/\/imsatextil.com\/wp-content\/uploads\/2021\/07\/FW22-23-Moodboards-Murtra-8-300x212.jpg 300w, https:\/\/imsatextil.com\/wp-content\/uploads\/2021\/07\/FW22-23-Moodboards-Murtra-8-768x543.jpg 768w, https:\/\/imsatextil.com\/wp-content\/uploads\/2021\/07\/FW22-23-Moodboards-Murtra-8-1024x724.jpg 1024w\" sizes=\"auto, (max-width: 1190px) 100vw, 1190px\" \/><\/a><a href=\"https:\/\/imsatextil.com\/wp-content\/uploads\/2021\/07\/FW22-23-Moodboards-Murtra-7-1024x724.jpg\"  rel=\"prettyPhoto[rel-6jt5wmsttietmgi38xiv]\" ><img loading=\"lazy\" decoding=\"async\" width=\"1190\" height=\"841\" src=\"https:\/\/imsatextil.com\/wp-content\/uploads\/2021\/07\/FW22-23-Moodboards-Murtra-7.jpg\" class=\"attachment-full\" alt=\"\" srcset=\"https:\/\/imsatextil.com\/wp-content\/uploads\/2021\/07\/FW22-23-Moodboards-Murtra-7.jpg 1190w, https:\/\/imsatextil.com\/wp-content\/uploads\/2021\/07\/FW22-23-Moodboards-Murtra-7-300x212.jpg 300w, https:\/\/imsatextil.com\/wp-content\/uploads\/2021\/07\/FW22-23-Moodboards-Murtra-7-768x543.jpg 768w, https:\/\/imsatextil.com\/wp-content\/uploads\/2021\/07\/FW22-23-Moodboards-Murtra-7-1024x724.jpg 1024w\" sizes=\"auto, (max-width: 1190px) 100vw, 1190px\" \/><\/a><a href=\"https:\/\/imsatextil.com\/wp-content\/uploads\/2021\/07\/FW22-23-Moodboards-Murtra-6-1024x724.jpg\"  rel=\"prettyPhoto[rel-6jt5wmsttietmgi38xiv]\" ><img loading=\"lazy\" decoding=\"async\" width=\"1190\" height=\"841\" src=\"https:\/\/imsatextil.com\/wp-content\/uploads\/2021\/07\/FW22-23-Moodboards-Murtra-6.jpg\" class=\"attachment-full\" alt=\"\" srcset=\"https:\/\/imsatextil.com\/wp-content\/uploads\/2021\/07\/FW22-23-Moodboards-Murtra-6.jpg 1190w, https:\/\/imsatextil.com\/wp-content\/uploads\/2021\/07\/FW22-23-Moodboards-Murtra-6-300x212.jpg 300w, https:\/\/imsatextil.com\/wp-content\/uploads\/2021\/07\/FW22-23-Moodboards-Murtra-6-768x543.jpg 768w, https:\/\/imsatextil.com\/wp-content\/uploads\/2021\/07\/FW22-23-Moodboards-Murtra-6-1024x724.jpg 1024w\" sizes=\"auto, (max-width: 1190px) 100vw, 1190px\" \/><\/a><a href=\"https:\/\/imsatextil.com\/wp-content\/uploads\/2021\/07\/FW22-23-Moodboards-Murtra-5-1024x724.jpg\"  rel=\"prettyPhoto[rel-6jt5wmsttietmgi38xiv]\" ><img loading=\"lazy\" decoding=\"async\" width=\"1190\" height=\"841\" src=\"https:\/\/imsatextil.com\/wp-content\/uploads\/2021\/07\/FW22-23-Moodboards-Murtra-5.jpg\" class=\"attachment-full\" alt=\"\" srcset=\"https:\/\/imsatextil.com\/wp-content\/uploads\/2021\/07\/FW22-23-Moodboards-Murtra-5.jpg 1190w, https:\/\/imsatextil.com\/wp-content\/uploads\/2021\/07\/FW22-23-Moodboards-Murtra-5-300x212.jpg 300w, https:\/\/imsatextil.com\/wp-content\/uploads\/2021\/07\/FW22-23-Moodboards-Murtra-5-768x543.jpg 768w, https:\/\/imsatextil.com\/wp-content\/uploads\/2021\/07\/FW22-23-Moodboards-Murtra-5-1024x724.jpg 1024w\" sizes=\"auto, (max-width: 1190px) 100vw, 1190px\" \/><\/a><a href=\"https:\/\/imsatextil.com\/wp-content\/uploads\/2021\/07\/FW22-23-Moodboards-Murtra-4-1024x724.jpg\"  rel=\"prettyPhoto[rel-6jt5wmsttietmgi38xiv]\" ><img loading=\"lazy\" decoding=\"async\" width=\"2117\" height=\"1497\" src=\"https:\/\/imsatextil.com\/wp-content\/uploads\/2021\/07\/FW22-23-Moodboards-Murtra-4-pdf.jpg\" class=\"attachment-full\" alt=\"\" \/><\/a><a href=\"https:\/\/imsatextil.com\/wp-content\/uploads\/2021\/07\/FW22-23-Moodboards-Murtra-3-1024x724.jpg\"  rel=\"prettyPhoto[rel-6jt5wmsttietmgi38xiv]\" ><img loading=\"lazy\" decoding=\"async\" width=\"1190\" height=\"841\" src=\"https:\/\/imsatextil.com\/wp-content\/uploads\/2021\/07\/FW22-23-Moodboards-Murtra-3.jpg\" class=\"attachment-full\" alt=\"\" srcset=\"https:\/\/imsatextil.com\/wp-content\/uploads\/2021\/07\/FW22-23-Moodboards-Murtra-3.jpg 1190w, https:\/\/imsatextil.com\/wp-content\/uploads\/2021\/07\/FW22-23-Moodboards-Murtra-3-300x212.jpg 300w, https:\/\/imsatextil.com\/wp-content\/uploads\/2021\/07\/FW22-23-Moodboards-Murtra-3-768x543.jpg 768w, https:\/\/imsatextil.com\/wp-content\/uploads\/2021\/07\/FW22-23-Moodboards-Murtra-3-1024x724.jpg 1024w\" sizes=\"auto, (max-width: 1190px) 100vw, 1190px\" \/><\/a><a href=\"https:\/\/imsatextil.com\/wp-content\/uploads\/2021\/07\/FW22-23-Moodboards-Murtra-2-1024x724.jpg\"  rel=\"prettyPhoto[rel-6jt5wmsttietmgi38xiv]\" ><img loading=\"lazy\" decoding=\"async\" width=\"1190\" height=\"841\" src=\"https:\/\/imsatextil.com\/wp-content\/uploads\/2021\/07\/FW22-23-Moodboards-Murtra-2.jpg\" class=\"attachment-full\" alt=\"\" srcset=\"https:\/\/imsatextil.com\/wp-content\/uploads\/2021\/07\/FW22-23-Moodboards-Murtra-2.jpg 1190w, https:\/\/imsatextil.com\/wp-content\/uploads\/2021\/07\/FW22-23-Moodboards-Murtra-2-300x212.jpg 300w, https:\/\/imsatextil.com\/wp-content\/uploads\/2021\/07\/FW22-23-Moodboards-Murtra-2-768x543.jpg 768w, https:\/\/imsatextil.com\/wp-content\/uploads\/2021\/07\/FW22-23-Moodboards-Murtra-2-1024x724.jpg 1024w\" sizes=\"auto, (max-width: 1190px) 100vw, 1190px\" \/><\/a><a href=\"https:\/\/imsatextil.com\/wp-content\/uploads\/2021\/07\/FW22-23-Moodboards-Murtra-1024x724.jpg\"  rel=\"prettyPhoto[rel-6jt5wmsttietmgi38xiv]\" ><img loading=\"lazy\" decoding=\"async\" width=\"1190\" height=\"841\" src=\"https:\/\/imsatextil.com\/wp-content\/uploads\/2021\/07\/FW22-23-Moodboards-Murtra.jpg\" class=\"attachment-full\" alt=\"\" srcset=\"https:\/\/imsatextil.com\/wp-content\/uploads\/2021\/07\/FW22-23-Moodboards-Murtra.jpg 1190w, https:\/\/imsatextil.com\/wp-content\/uploads\/2021\/07\/FW22-23-Moodboards-Murtra-300x212.jpg 300w, https:\/\/imsatextil.com\/wp-content\/uploads\/2021\/07\/FW22-23-Moodboards-Murtra-768x543.jpg 768w, https:\/\/imsatextil.com\/wp-content\/uploads\/2021\/07\/FW22-23-Moodboards-Murtra-1024x724.jpg 1024w\" sizes=\"auto, (max-width: 1190px) 100vw, 1190px\" \/><\/a><\/div>\n\t\t<\/div> <\/div>\n\t<\/div> \n<\/div>\n","protected":false},"excerpt":{"rendered":"<p>COLLECTION AUTOMNE \/ HIVER 2022 Pour cette saison Automne\/Hiver, Murtra a le plaisir de pr\u00e9senter une collection \u00e9tendue pour couvrir tous les besoins des designers, avec de nombreuses nouveaut\u00e9s exclusives, des fibres naturelles et des tissus de production locale. Jacquard Une riche collection de tissus jacquard exclusifs, comprenant des options pour le jour, la nuit<br \/><a href=\"https:\/\/imsatextil.com\/fr\/colecciones\/coleccion-o-i-22\/\" class=\"more\">Read more<\/a><\/p>\n","protected":false},"author":1,"featured_media":0,"parent":307,"menu_order":0,"comment_status":"closed","ping_status":"closed","template":"","meta":{"footnotes":""},"class_list":["post-8512","page","type-page","status-publish","hentry"],"_links":{"self":[{"href":"https:\/\/imsatextil.com\/fr\/wp-json\/wp\/v2\/pages\/8512","targetHints":{"allow":["GET"]}}],"collection":[{"href":"https:\/\/imsatextil.com\/fr\/wp-json\/wp\/v2\/pages"}],"about":[{"href":"https:\/\/imsatextil.com\/fr\/wp-json\/wp\/v2\/types\/page"}],"author":[{"embeddable":true,"href":"https:\/\/imsatextil.com\/fr\/wp-json\/wp\/v2\/users\/1"}],"replies":[{"embeddable":true,"href":"https:\/\/imsatextil.com\/fr\/wp-json\/wp\/v2\/comments?post=8512"}],"version-history":[{"count":2,"href":"https:\/\/imsatextil.com\/fr\/wp-json\/wp\/v2\/pages\/8512\/revisions"}],"predecessor-version":[{"id":8518,"href":"https:\/\/imsatextil.com\/fr\/wp-json\/wp\/v2\/pages\/8512\/revisions\/8518"}],"up":[{"embeddable":true,"href":"https:\/\/imsatextil.com\/fr\/wp-json\/wp\/v2\/pages\/307"}],"wp:attachment":[{"href":"https:\/\/imsatextil.com\/fr\/wp-json\/wp\/v2\/media?parent=8512"}],"curies":[{"name":"wp","href":"https:\/\/api.w.org\/{rel}","templated":true}]}}